{"id":233,"date":"2024-11-18T13:34:37","date_gmt":"2024-11-18T12:34:37","guid":{"rendered":"https:\/\/grupoentrearboles.com\/?page_id=233"},"modified":"2025-06-13T10:25:42","modified_gmt":"2025-06-13T08:25:42","slug":"politica-de-privacitat","status":"publish","type":"page","link":"https:\/\/grupoentrearboles.com\/es\/politica-de-privacitat\/","title":{"rendered":"Pol\u00edtica de Privacidad"},"content":{"rendered":"<h1 class=\"wp-block-heading\"><\/h1>\n\n\n\n<p class=\"wp-block-paragraph\"><strong>Informaci\u00f3n b\u00e1sica de Protecci\u00f3n de Datos<\/strong><\/p>\n\n\n\n<p class=\"has-text-align-justify wp-block-paragraph\">Responsable ARBOLNINJA SLPU. Finalidades: Prestaci\u00f3n de servicios online. Gesti\u00f3n de usuarios web. Comunicaciones comerciales relacionadas con nuestros servicios. Legitimaci\u00f3n: Consentimiento expreso e inter\u00e9s leg\u00edtimo. Destinatario: No se comunicar\u00e1n datos a terceros, salvo obligaci\u00f3n legal. Derechos: Acceder, rectificar y suprimir los datos, as\u00ed como otros derechos, como se explica en la informaci\u00f3n adicional. Informaci\u00f3n: Puede consultar la informaci\u00f3n adicional y detallada sobre Protecci\u00f3n de Datos a continuaci\u00f3n.<\/p>\n\n\n\n<ul class=\"wp-block-list\">\n<li><strong>Informaci\u00f3n adicional<\/strong><br>A efectos de lo previsto en el REGLAMENTO (UE) 2016\/679 DEL PARLAMENTO EUROPEO Y DEL CONSEJO de 27 de abril de 2016 (en adelante, \u201cRGPD\u201d) relativo a la protecci\u00f3n de las personas f\u00edsicas en lo que respecta al tratamiento de datos personales ya la libre circulaci\u00f3n de estos datos, y la LEY 2 de Informaci\u00f3n y de Comercio Electr\u00f3nico y la Ley Org\u00e1nica 3\/2018, de 5 de diciembre, de protecci\u00f3n de datos personales y garant\u00eda de los derechos digitales&nbsp;<strong>ARBOLNINJA SLPU<\/strong>, amb CIF:&nbsp;<strong>B70951520<\/strong>&nbsp;informa a l&#8217;Usuari que \u00e9s titular del tractament de les dades de car\u00e0cter personal amb la finalitat de prestar els serveis sol\u00b7licitats i enviar-li la informaci\u00f3 sobre la nostra empresa que pugui ser del seu inter\u00e8s.<\/li>\n\n\n\n<li><strong>ENV\u00cdO Y REGISTRO DE DATOS DE CAR\u00c1CTER PERSONAL<\/strong> El env\u00edo de datos de car\u00e1cter personal es obligatorio para contactar y recibir informaci\u00f3n sobre los servicios prestados por ENTREARBRES SLPU.<br>Asimismo, el no facilitar los datos personales solicitados o no aceptar la presente pol\u00edtica de protecci\u00f3n de datos supone la imposibilidad de suscribir, registrar o recibir informaci\u00f3n de estos servicios.<br><br>De acuerdo con lo que establece la Ley Org\u00e1nica 3\/2018, de 5 de diciembre, de Protecci\u00f3n de Datos Personales y Garant\u00eda de los Derechos Digitales, le informamos que los datos personales que se obtengan como consecuencia de su env\u00edo de datos personales, ser\u00e1n objeto de tratamiento por parte de Responsable&nbsp;<strong>ARBOLNINJA SLPU<\/strong>&nbsp;con CIF:&nbsp;<strong>B70951520<\/strong>. Situado en&nbsp;<strong>Rioja, n\u00fam. 13, Planta 1, puerta C, 41001 Sevilla<\/strong>.<br>\n<ul class=\"wp-block-list\">\n<li>Exactitud i veracitat de les dades facilitades. Requerim certa informaci\u00f3, dades, per presentar-li els nostres servei. Per exemple, vost\u00e8 ha d&#8217;enviar-nos les seves dades quant contracta qualsevol dels nostres serveis. Quant vost\u00e8 tria compartir la seg\u00fcent informaci\u00f3 amb nosaltres, la recollim i utilitzem per administrar els nostres serveis.<br><br>Los usuarios garantizan y responden, en cualquier caso, de la exactitud, vigencia y autenticidad de los datos personales facilitados, comprometi\u00e9ndose a mantenerlos debidamente actualizados. El usuario acepta proporcionar informaci\u00f3n completa y correcta en el formulario de registro o suscripci\u00f3n.<br><br><strong>ARBOLNINJA SLPU<\/strong>\u00a0no responde de la veracidad de las informaciones que no sean de elaboraci\u00f3n propia y de las que se indique otra fuente, por lo que tampoco asume responsabilidad alguna en cuanto a hipot\u00e9ticos perjuicios que pudieran originarse por el uso de esta informaci\u00f3n.<br><br>Se exonera en\u00a0<strong>ARBOLNINJA SLPU<\/strong>\u00a0de responsabilidad ante cualquier da\u00f1o o perjuicio que pudiera sufrir el Usuario como consecuencia de errores, defectos u omisiones, en la informaci\u00f3n facilitada por\u00a0<strong>ARBOLNINJA SLPU<\/strong>\u00a0siempre que procedan de fuentes ajenas a\u00a0<strong>ARBOLNINJA SLPU<\/strong>.<\/li>\n\n\n\n<li>Comunicaci\u00f3n de datos a terceros <strong>ARBOLNINJA SLPU<\/strong>&nbsp;no comunicar\u00e1 los datos personales a terceros. No obstante, en caso de ser comunicados a alg\u00fan tercero se producir\u00eda una informaci\u00f3n previa solicitando el consentimiento expreso del afectado en virtud de lo establecido en la Ley Org\u00e1nica 3\/2018, de 5 de diciembre de Protecci\u00f3n de Datos Personales y Garant\u00eda de los Derechos Digitales.<\/li>\n\n\n\n<li>Ejercicio de los derechos de las personas En todo momento, podr\u00e1 usted ejercer sus derechos: Puede ejercer los derechos de acceso, rectificaci\u00f3n, supresi\u00f3n y oposici\u00f3n, limitar el tratamiento de sus datos, o directamente oponerse al tratamiento, o ejercer el derecho a la portabilidad de los mismos.<br><br>Todo ello, mediante escrito, acompa\u00f1ado de copia de documento oficial que le identifique, dirigido a&nbsp;<strong>ARBOLNINJA SLPU<\/strong>&nbsp;CIF:&nbsp;<strong>B70951520<\/strong>, Dir. Postal:&nbsp;<strong><strong>Rioja, n\u00fam. 13, Planta 1, puerta C, 41001 Sevilla<\/strong><\/strong>, tambi\u00e9n puede enviar un correo electr\u00f3nico a:&nbsp;<strong>administracion@entrearboles.es<\/strong>.<br><br>En caso de disconformidad con el tratamiento, tambi\u00e9n tendr\u00e1 derecho a presentar una reclamaci\u00f3n ante la Agencia Espa\u00f1ola de Protecci\u00f3n de Datos. Tambi\u00e9n podr\u00e1 oponerse a nuestros env\u00edos de comunicaciones comerciales (Art.21.2 de la LSSI) a trav\u00e9s de la siguiente direcci\u00f3n de correo electr\u00f3nico:&nbsp;<strong>administracion@entrearboles.es<\/strong>&nbsp;indicando BAJA en el asunto.<br><br>Puede consultar la INFORMACI\u00d3N AMPLIADA sobre Protecci\u00f3n de Datos solicit\u00e1ndolo a nuestro personal, o bien al correo electr\u00f3nico&nbsp;<strong>administracion@entrearboles.es<\/strong>&nbsp;indicando en el asunto: INFORMACI\u00d3N AMPLIADA.<\/li>\n\n\n\n<li>Aceptaci\u00f3n y Consentimiento El Usuario declara haber sido informado de las condiciones sobre protecci\u00f3n de datos de car\u00e1cter personal, aceptando y consintiendo el tratamiento de los mismos por parte de (<strong>ARBOLNINJA SLPU<\/strong>), en la forma y para las finalidades indicadas en la presente Pol\u00edtica de Protecci\u00f3n de datos Personales.<\/li>\n<\/ul>\n<\/li>\n\n\n\n<li>CAMBIOS EN LA PRESENTE POL\u00cdTICA DE PRIVACIDAD <strong>ARBOLNINJA SLPU<\/strong>&nbsp;se reserva el derecho a modificar la presente pol\u00edtica para adaptarla a novedades legislativas o jurisprudenciales as\u00ed como a pr\u00e1cticas de la industria. En estos supuestos,&nbsp;<strong>ARBOLNINJA SLPU<\/strong>&nbsp;anunciar\u00e1 en esta p\u00e1gina los cambios introducidos con razonable antelaci\u00f3n a su puesta en pr\u00e1ctica.<\/li>\n<\/ul>","protected":false},"excerpt":{"rendered":"<p>Informaci\u00f3 b\u00e0sica de Protecci\u00f3 de Dades Responsable ENTREARBRES SLPU. Finalitats: Prestaci\u00f3 de serveis online. Gesti\u00f3 de usuaris web. Comunicacions comercials relacionades amb els nostres serveis. Legitimaci\u00f3: Consentiment expr\u00e9s e inter\u00e8s leg\u00edtim. Destinatari: No es comunicaran dades a tercers, excepte obligaci\u00f3 legal. Drets: Accedir, rectificar i suprimir les dades, aix\u00ed com altres drets, com s&#8217;explica a [&hellip;]<\/p>\n","protected":false},"author":257923201,"featured_media":0,"parent":0,"menu_order":0,"comment_status":"closed","ping_status":"closed","template":"full-width","meta":{"_crdt_document":"","footnotes":""},"class_list":["post-233","page","type-page","status-publish","hentry"],"yoast_head":"<!-- This site is optimized with the Yoast SEO plugin v27.4 - https:\/\/yoast.com\/product\/yoast-seo-wordpress\/ -->\n<title>Pol\u00edtica de Privacitat - Entrearbres | Entrearboles<\/title>\n<meta name=\"robots\" content=\"index, follow, max-snippet:-1, max-image-preview:large, max-video-preview:-1\" \/>\n<link rel=\"canonical\" href=\"https:\/\/grupoentrearboles.com\/es\/politica-de-privacitat\/\" \/>\n<meta property=\"og:locale\" content=\"es_ES\" \/>\n<meta property=\"og:type\" content=\"article\" \/>\n<meta property=\"og:title\" content=\"Pol\u00edtica de Privacitat - Entrearbres | Entrearboles\" \/>\n<meta property=\"og:description\" content=\"Informaci\u00f3 b\u00e0sica de Protecci\u00f3 de Dades Responsable ENTREARBRES SLPU. Finalitats: Prestaci\u00f3 de serveis online. Gesti\u00f3 de usuaris web. Comunicacions comercials relacionades amb els nostres serveis. Legitimaci\u00f3: Consentiment expr\u00e9s e inter\u00e8s leg\u00edtim. Destinatari: No es comunicaran dades a tercers, excepte obligaci\u00f3 legal. Drets: Accedir, rectificar i suprimir les dades, aix\u00ed com altres drets, com s&#8217;explica a [&hellip;]\" \/>\n<meta property=\"og:url\" content=\"https:\/\/grupoentrearboles.com\/es\/politica-de-privacitat\/\" \/>\n<meta property=\"og:site_name\" content=\"Entrearbres | Entrearboles\" \/>\n<meta property=\"article:modified_time\" content=\"2025-06-13T08:25:42+00:00\" \/>\n<meta property=\"og:image\" content=\"https:\/\/i0.wp.com\/grupoentrearboles.com\/wp-content\/uploads\/2025\/06\/VERTICAL_ESP.png?fit=3840%2C3840&ssl=1\" \/>\n\t<meta property=\"og:image:width\" content=\"3840\" \/>\n\t<meta property=\"og:image:height\" content=\"3840\" \/>\n\t<meta property=\"og:image:type\" content=\"image\/png\" \/>\n<meta name=\"twitter:card\" content=\"summary_large_image\" \/>\n<meta name=\"twitter:site\" content=\"@entrearbres\" \/>\n<meta name=\"twitter:label1\" content=\"Tiempo de lectura\" \/>\n\t<meta name=\"twitter:data1\" content=\"4 minutos\" \/>\n<script type=\"application\/ld+json\" class=\"yoast-schema-graph\">{\"@context\":\"https:\\\/\\\/schema.org\",\"@graph\":[{\"@type\":\"WebPage\",\"@id\":\"https:\\\/\\\/grupoentrearboles.com\\\/politica-de-privacitat\\\/\",\"url\":\"https:\\\/\\\/grupoentrearboles.com\\\/politica-de-privacitat\\\/\",\"name\":\"Pol\u00edtica de Privacitat - Entrearbres | Entrearboles\",\"isPartOf\":{\"@id\":\"https:\\\/\\\/grupoentrearboles.com\\\/#website\"},\"datePublished\":\"2024-11-18T12:34:37+00:00\",\"dateModified\":\"2025-06-13T08:25:42+00:00\",\"breadcrumb\":{\"@id\":\"https:\\\/\\\/grupoentrearboles.com\\\/politica-de-privacitat\\\/#breadcrumb\"},\"inLanguage\":\"es\",\"potentialAction\":[{\"@type\":\"ReadAction\",\"target\":[\"https:\\\/\\\/grupoentrearboles.com\\\/politica-de-privacitat\\\/\"]}]},{\"@type\":\"BreadcrumbList\",\"@id\":\"https:\\\/\\\/grupoentrearboles.com\\\/politica-de-privacitat\\\/#breadcrumb\",\"itemListElement\":[{\"@type\":\"ListItem\",\"position\":1,\"name\":\"Inici\",\"item\":\"https:\\\/\\\/grupoentrearboles.com\\\/\"},{\"@type\":\"ListItem\",\"position\":2,\"name\":\"Pol\u00edtica de Privacitat\"}]},{\"@type\":\"WebSite\",\"@id\":\"https:\\\/\\\/grupoentrearboles.com\\\/#website\",\"url\":\"https:\\\/\\\/grupoentrearboles.com\\\/\",\"name\":\"Entrearbres - Entrearboles\",\"description\":\"Entrearboles somos una ingenier\u00eda forestal y medioambiental con una s\u00f3lida implantaci\u00f3n en distintas \u00e1reas, territorios, administraciones y particulares.\",\"publisher\":{\"@id\":\"https:\\\/\\\/grupoentrearboles.com\\\/#organization\"},\"alternateName\":\"Grupo Entrearboles\",\"potentialAction\":[{\"@type\":\"SearchAction\",\"target\":{\"@type\":\"EntryPoint\",\"urlTemplate\":\"https:\\\/\\\/grupoentrearboles.com\\\/?s={search_term_string}\"},\"query-input\":{\"@type\":\"PropertyValueSpecification\",\"valueRequired\":true,\"valueName\":\"search_term_string\"}}],\"inLanguage\":\"es\"},{\"@type\":\"Organization\",\"@id\":\"https:\\\/\\\/grupoentrearboles.com\\\/#organization\",\"name\":\"Grupo Entrearboles\",\"alternateName\":\"Entrearbres - Entrearboles\",\"url\":\"https:\\\/\\\/grupoentrearboles.com\\\/\",\"logo\":{\"@type\":\"ImageObject\",\"inLanguage\":\"es\",\"@id\":\"https:\\\/\\\/grupoentrearboles.com\\\/#\\\/schema\\\/logo\\\/image\\\/\",\"url\":\"https:\\\/\\\/i0.wp.com\\\/grupoentrearboles.com\\\/wp-content\\\/uploads\\\/2025\\\/06\\\/VERTICAL_ESP.png?fit=3840%2C3840&ssl=1\",\"contentUrl\":\"https:\\\/\\\/i0.wp.com\\\/grupoentrearboles.com\\\/wp-content\\\/uploads\\\/2025\\\/06\\\/VERTICAL_ESP.png?fit=3840%2C3840&ssl=1\",\"width\":3840,\"height\":3840,\"caption\":\"Grupo Entrearboles\"},\"image\":{\"@id\":\"https:\\\/\\\/grupoentrearboles.com\\\/#\\\/schema\\\/logo\\\/image\\\/\"},\"sameAs\":[\"https:\\\/\\\/x.com\\\/entrearbres\",\"https:\\\/\\\/www.instagram.com\\\/entrearbres_entrearboles\\\/\"]}]}<\/script>\n<!-- \/ Yoast SEO plugin. -->","yoast_head_json":{"title":"Pol\u00edtica de Privacitat - Entrearbres | Entrearboles","robots":{"index":"index","follow":"follow","max-snippet":"max-snippet:-1","max-image-preview":"max-image-preview:large","max-video-preview":"max-video-preview:-1"},"canonical":"https:\/\/grupoentrearboles.com\/es\/politica-de-privacitat\/","og_locale":"es_ES","og_type":"article","og_title":"Pol\u00edtica de Privacitat - Entrearbres | Entrearboles","og_description":"Informaci\u00f3 b\u00e0sica de Protecci\u00f3 de Dades Responsable ENTREARBRES SLPU. Finalitats: Prestaci\u00f3 de serveis online. Gesti\u00f3 de usuaris web. Comunicacions comercials relacionades amb els nostres serveis. Legitimaci\u00f3: Consentiment expr\u00e9s e inter\u00e8s leg\u00edtim. Destinatari: No es comunicaran dades a tercers, excepte obligaci\u00f3 legal. Drets: Accedir, rectificar i suprimir les dades, aix\u00ed com altres drets, com s&#8217;explica a [&hellip;]","og_url":"https:\/\/grupoentrearboles.com\/es\/politica-de-privacitat\/","og_site_name":"Entrearbres | Entrearboles","article_modified_time":"2025-06-13T08:25:42+00:00","og_image":[{"width":3840,"height":3840,"url":"https:\/\/i0.wp.com\/grupoentrearboles.com\/wp-content\/uploads\/2025\/06\/VERTICAL_ESP.png?fit=3840%2C3840&ssl=1","type":"image\/png"}],"twitter_card":"summary_large_image","twitter_site":"@entrearbres","twitter_misc":{"Tiempo de lectura":"4 minutos"},"schema":{"@context":"https:\/\/schema.org","@graph":[{"@type":"WebPage","@id":"https:\/\/grupoentrearboles.com\/politica-de-privacitat\/","url":"https:\/\/grupoentrearboles.com\/politica-de-privacitat\/","name":"Pol\u00edtica de Privacitat - Entrearbres | Entrearboles","isPartOf":{"@id":"https:\/\/grupoentrearboles.com\/#website"},"datePublished":"2024-11-18T12:34:37+00:00","dateModified":"2025-06-13T08:25:42+00:00","breadcrumb":{"@id":"https:\/\/grupoentrearboles.com\/politica-de-privacitat\/#breadcrumb"},"inLanguage":"es","potentialAction":[{"@type":"ReadAction","target":["https:\/\/grupoentrearboles.com\/politica-de-privacitat\/"]}]},{"@type":"BreadcrumbList","@id":"https:\/\/grupoentrearboles.com\/politica-de-privacitat\/#breadcrumb","itemListElement":[{"@type":"ListItem","position":1,"name":"Inici","item":"https:\/\/grupoentrearboles.com\/"},{"@type":"ListItem","position":2,"name":"Pol\u00edtica de Privacitat"}]},{"@type":"WebSite","@id":"https:\/\/grupoentrearboles.com\/#website","url":"https:\/\/grupoentrearboles.com\/","name":"Entrearbres - Entrearboles","description":"Entrearboles somos una ingenier\u00eda forestal y medioambiental con una s\u00f3lida implantaci\u00f3n en distintas \u00e1reas, territorios, administraciones y particulares.","publisher":{"@id":"https:\/\/grupoentrearboles.com\/#organization"},"alternateName":"Grupo Entrearboles","potentialAction":[{"@type":"SearchAction","target":{"@type":"EntryPoint","urlTemplate":"https:\/\/grupoentrearboles.com\/?s={search_term_string}"},"query-input":{"@type":"PropertyValueSpecification","valueRequired":true,"valueName":"search_term_string"}}],"inLanguage":"es"},{"@type":"Organization","@id":"https:\/\/grupoentrearboles.com\/#organization","name":"Grupo Entrearboles","alternateName":"Entrearbres - Entrearboles","url":"https:\/\/grupoentrearboles.com\/","logo":{"@type":"ImageObject","inLanguage":"es","@id":"https:\/\/grupoentrearboles.com\/#\/schema\/logo\/image\/","url":"https:\/\/i0.wp.com\/grupoentrearboles.com\/wp-content\/uploads\/2025\/06\/VERTICAL_ESP.png?fit=3840%2C3840&ssl=1","contentUrl":"https:\/\/i0.wp.com\/grupoentrearboles.com\/wp-content\/uploads\/2025\/06\/VERTICAL_ESP.png?fit=3840%2C3840&ssl=1","width":3840,"height":3840,"caption":"Grupo Entrearboles"},"image":{"@id":"https:\/\/grupoentrearboles.com\/#\/schema\/logo\/image\/"},"sameAs":["https:\/\/x.com\/entrearbres","https:\/\/www.instagram.com\/entrearbres_entrearboles\/"]}]}},"jetpack_sharing_enabled":true,"jetpack_shortlink":"https:\/\/wp.me\/Pg9sIQ-3L","jetpack-related-posts":[],"_links":{"self":[{"href":"https:\/\/grupoentrearboles.com\/es\/wp-json\/wp\/v2\/pages\/233","targetHints":{"allow":["GET"]}}],"collection":[{"href":"https:\/\/grupoentrearboles.com\/es\/wp-json\/wp\/v2\/pages"}],"about":[{"href":"https:\/\/grupoentrearboles.com\/es\/wp-json\/wp\/v2\/types\/page"}],"author":[{"embeddable":true,"href":"https:\/\/grupoentrearboles.com\/es\/wp-json\/wp\/v2\/users\/257923201"}],"replies":[{"embeddable":true,"href":"https:\/\/grupoentrearboles.com\/es\/wp-json\/wp\/v2\/comments?post=233"}],"version-history":[{"count":5,"href":"https:\/\/grupoentrearboles.com\/es\/wp-json\/wp\/v2\/pages\/233\/revisions"}],"predecessor-version":[{"id":1948,"href":"https:\/\/grupoentrearboles.com\/es\/wp-json\/wp\/v2\/pages\/233\/revisions\/1948"}],"wp:attachment":[{"href":"https:\/\/grupoentrearboles.com\/es\/wp-json\/wp\/v2\/media?parent=233"}],"curies":[{"name":"wp","href":"https:\/\/api.w.org\/{rel}","templated":true}]}}